{"id":3646,"date":"2022-05-23T19:52:52","date_gmt":"2022-05-23T19:52:52","guid":{"rendered":"https:\/\/nousespais.es\/inf-institucional\/"},"modified":"2025-05-20T11:16:06","modified_gmt":"2025-05-20T11:16:06","slug":"inf-institucional","status":"publish","type":"page","link":"https:\/\/nousespais.es\/va\/inf-institucional\/","title":{"rendered":"Inf.Institucional"},"content":{"rendered":"\t\t<div data-elementor-type=\"wp-page\" data-elementor-id=\"3646\" class=\"elementor elementor-3646\" data-elementor-post-type=\"page\">\n\t\t\t\t\t\t<section class=\"elementor-section elementor-top-section elementor-element elementor-element-3fc1d223 elementor-section-boxed elementor-section-height-default elementor-section-height-default\" data-id=\"3fc1d223\" data-element_type=\"section\">\n\t\t\t\t\t\t<div class=\"elementor-container elementor-column-gap-default\">\n\t\t\t\t\t<div class=\"elementor-column elementor-col-100 elementor-top-column elementor-element elementor-element-11c44219\" data-id=\"11c44219\" data-element_type=\"column\">\n\t\t\t<div class=\"elementor-widget-wrap elementor-element-populated\">\n\t\t\t\t\t\t<div class=\"elementor-element elementor-element-35a01247 elementor-icon-list--layout-inline elementor-align-left elementor-list-item-link-full_width elementor-widget elementor-widget-icon-list\" data-id=\"35a01247\" data-element_type=\"widget\" data-widget_type=\"icon-list.default\">\n\t\t\t\t<div class=\"elementor-widget-container\">\n\t\t\t\t\t\t\t<ul class=\"elementor-icon-list-items elementor-inline-items\">\n\t\t\t\t\t\t\t<li class=\"elementor-icon-list-item elementor-inline-item\">\n\t\t\t\t\t\t\t\t\t\t\t<a href=\"https:\/\/nousespais.es\/va\/portal-transparencia\/\">\n\n\t\t\t\t\t\t\t\t\t\t\t\t<span class=\"elementor-icon-list-icon\">\n\t\t\t\t\t\t\t<svg xmlns=\"http:\/\/www.w3.org\/2000\/svg\" width=\"20\" height=\"20\" viewBox=\"0 0 20 20\"><g id=\"Grupo_145\" data-name=\"Grupo 145\" transform=\"translate(-2 -2)\"><path id=\"Trazado_174\" data-name=\"Trazado 174\" d=\"M2,12A10,10,0,1,0,12,2,10,10,0,0,0,2,12Zm18,0a8,8,0,1,1-8-8A8,8,0,0,1,20,12ZM8,12l4-4,1.41,1.41L11.83,11H16v2H11.83l1.59,1.59L12,16Z\"><\/path><\/g><\/svg>\t\t\t\t\t\t<\/span>\n\t\t\t\t\t\t\t\t\t\t<span class=\"elementor-icon-list-text\">A. Informaci\u00f3 institucional, organitzativa, planificaci\u00f3 i personal<\/span>\n\t\t\t\t\t\t\t\t\t\t\t<\/a>\n\t\t\t\t\t\t\t\t\t<\/li>\n\t\t\t\t\t\t<\/ul>\n\t\t\t\t\t\t<\/div>\n\t\t\t\t<\/div>\n\t\t\t\t<section class=\"elementor-section elementor-inner-section elementor-element elementor-element-12e26c7e elementor-section-boxed elementor-section-height-default elementor-section-height-default\" data-id=\"12e26c7e\" data-element_type=\"section\">\n\t\t\t\t\t\t<div class=\"elementor-container elementor-column-gap-default\">\n\t\t\t\t\t<div class=\"elementor-column elementor-col-50 elementor-inner-column elementor-element elementor-element-33779917\" data-id=\"33779917\" data-element_type=\"column\">\n\t\t\t<div class=\"elementor-widget-wrap elementor-element-populated\">\n\t\t\t\t\t\t<div class=\"elementor-element elementor-element-5c12519e elementor-widget elementor-widget-accordion\" data-id=\"5c12519e\" data-element_type=\"widget\" data-widget_type=\"accordion.default\">\n\t\t\t\t<div class=\"elementor-widget-container\">\n\t\t\t\t\t\t\t<div class=\"elementor-accordion\">\n\t\t\t\t\t\t\t<div class=\"elementor-accordion-item\">\n\t\t\t\t\t<div id=\"elementor-tab-title-1541\" class=\"elementor-tab-title\" data-tab=\"1\" role=\"button\" aria-controls=\"elementor-tab-content-1541\" aria-expanded=\"false\">\n\t\t\t\t\t\t\t\t\t\t\t\t\t<span class=\"elementor-accordion-icon elementor-accordion-icon-left\" aria-hidden=\"true\">\n\t\t\t\t\t\t\t\t\t\t\t\t\t\t\t<span class=\"elementor-accordion-icon-closed\"><i class=\"fas fa-chevron-down\"><\/i><\/span>\n\t\t\t\t\t\t\t\t<span class=\"elementor-accordion-icon-opened\"><i class=\"fas fa-chevron-up\"><\/i><\/span>\n\t\t\t\t\t\t\t\t\t\t\t\t\t\t<\/span>\n\t\t\t\t\t\t\t\t\t\t\t\t<a class=\"elementor-accordion-title\" tabindex=\"0\">A.1. Descripci\u00f3 general de l'empresa<\/a>\n\t\t\t\t\t<\/div>\n\t\t\t\t\t<div id=\"elementor-tab-content-1541\" class=\"elementor-tab-content elementor-clearfix\" data-tab=\"1\" role=\"region\" aria-labelledby=\"elementor-tab-title-1541\"><p><a href=\"https:\/\/nousespais.es\/wp-content\/uploads\/2022\/05\/a1-descripcio-general-de-lempresa-val.pdf\" target=\"_blank\" rel=\"noopener\"><img decoding=\"async\" class=\"wp-image-2489 alignnone\" src=\"https:\/\/nousespais.es\/wp-content\/uploads\/2022\/05\/icono-pdf.svg\" alt=\"\" width=\"14\" height=\"19\" \/> <\/a><a href=\"https:\/\/nousespais.es\/wp-content\/uploads\/2024\/08\/A.1-BREVE-DESCRIPCION-DE-LA-SOCIEDAD-PUBLICA.pdf\" target=\"_blank\" rel=\"noopener\">Breu descripci\u00f3 de l&#8217;empresa<\/a><\/p><p><a href=\"https:\/\/nousespais.es\/wp-content\/uploads\/2022\/05\/a1-descripcio-general-de-lempresa-val.pdf\" target=\"_blank\" rel=\"noopener\"><img decoding=\"async\" class=\"wp-image-2489 alignnone\" src=\"https:\/\/nousespais.es\/wp-content\/uploads\/2022\/05\/icono-pdf.svg\" alt=\"\" width=\"14\" height=\"19\" \/>\u00a0 <\/a><a href=\"https:\/\/nousespais.es\/wp-content\/uploads\/2024\/09\/Ayto.-Torrent-Acuerdo-Junta-Gobierno-250618.pdf\" target=\"_blank\" rel=\"noopener\">Acord Junta Govern Local Ajuntament Torrent 25\/06\/2018<\/a><\/p><p><a href=\"https:\/\/nousespais.es\/wp-content\/uploads\/2022\/05\/a1-descripcio-general-de-lempresa-val.pdf\" target=\"_blank\" rel=\"noopener\"><img decoding=\"async\" class=\"wp-image-2489 alignnone\" src=\"https:\/\/nousespais.es\/wp-content\/uploads\/2022\/05\/icono-pdf.svg\" alt=\"\" width=\"14\" height=\"19\" \/>\u00a0 <\/a><a href=\"https:\/\/nousespais.es\/wp-content\/uploads\/2024\/09\/Ayto.-Torrent-Acuerdo-Pleno-040321.pdf\" target=\"_blank\" rel=\"noopener\">Acord Ple Ajuntament Torrent 04\/03\/2021<\/a><\/p><\/div>\n\t\t\t\t<\/div>\n\t\t\t\t\t\t\t<div class=\"elementor-accordion-item\">\n\t\t\t\t\t<div id=\"elementor-tab-title-1542\" class=\"elementor-tab-title\" data-tab=\"2\" role=\"button\" aria-controls=\"elementor-tab-content-1542\" aria-expanded=\"false\">\n\t\t\t\t\t\t\t\t\t\t\t\t\t<span class=\"elementor-accordion-icon elementor-accordion-icon-left\" aria-hidden=\"true\">\n\t\t\t\t\t\t\t\t\t\t\t\t\t\t\t<span class=\"elementor-accordion-icon-closed\"><i class=\"fas fa-chevron-down\"><\/i><\/span>\n\t\t\t\t\t\t\t\t<span class=\"elementor-accordion-icon-opened\"><i class=\"fas fa-chevron-up\"><\/i><\/span>\n\t\t\t\t\t\t\t\t\t\t\t\t\t\t<\/span>\n\t\t\t\t\t\t\t\t\t\t\t\t<a class=\"elementor-accordion-title\" tabindex=\"0\">A.2 Estatuts actualitzats empresa<\/a>\n\t\t\t\t\t<\/div>\n\t\t\t\t\t<div id=\"elementor-tab-content-1542\" class=\"elementor-tab-content elementor-clearfix\" data-tab=\"2\" role=\"region\" aria-labelledby=\"elementor-tab-title-1542\"><p><a href=\"https:\/\/nousespais.es\/wp-content\/uploads\/2022\/05\/a1-descripcio-general-de-lempresa-val.pdf\" target=\"_blank\" rel=\"noopener\"><img decoding=\"async\" class=\"wp-image-2489 alignnone\" src=\"https:\/\/nousespais.es\/wp-content\/uploads\/2022\/05\/icono-pdf.svg\" alt=\"\" width=\"14\" height=\"19\" \/><\/a> <a title=\"A.2 Estatuts actualitzats empresa\" href=\"https:\/\/nousespais.es\/wp-content\/uploads\/2024\/07\/estatuts-ANO-2024.pdf\" target=\"_blank\" rel=\"noopener\">A.2 Estatuts actualitzats empresa<\/a><\/p><\/div>\n\t\t\t\t<\/div>\n\t\t\t\t\t\t\t<div class=\"elementor-accordion-item\">\n\t\t\t\t\t<div id=\"elementor-tab-title-1543\" class=\"elementor-tab-title\" data-tab=\"3\" role=\"button\" aria-controls=\"elementor-tab-content-1543\" aria-expanded=\"false\">\n\t\t\t\t\t\t\t\t\t\t\t\t\t<span class=\"elementor-accordion-icon elementor-accordion-icon-left\" aria-hidden=\"true\">\n\t\t\t\t\t\t\t\t\t\t\t\t\t\t\t<span class=\"elementor-accordion-icon-closed\"><i class=\"fas fa-chevron-down\"><\/i><\/span>\n\t\t\t\t\t\t\t\t<span class=\"elementor-accordion-icon-opened\"><i class=\"fas fa-chevron-up\"><\/i><\/span>\n\t\t\t\t\t\t\t\t\t\t\t\t\t\t<\/span>\n\t\t\t\t\t\t\t\t\t\t\t\t<a class=\"elementor-accordion-title\" tabindex=\"0\">A.3. Funcions de l'entitat segons els seus estatuts<\/a>\n\t\t\t\t\t<\/div>\n\t\t\t\t\t<div id=\"elementor-tab-content-1543\" class=\"elementor-tab-content elementor-clearfix\" data-tab=\"3\" role=\"region\" aria-labelledby=\"elementor-tab-title-1543\"><p><img decoding=\"async\" class=\"alignnone wp-image-3250\" src=\"https:\/\/nousespais.es\/wp-content\/uploads\/2022\/05\/link-300x300.png\" alt=\"\" width=\"18\" height=\"18\" \/><a href=\"https:\/\/nousespais.es\/va\/objecte-social\/\"> Objecte social<\/a><\/p><p><a href=\"https:\/\/nousespais.es\/wp-content\/uploads\/2022\/05\/a1-descripcio-general-de-lempresa-val.pdf\" target=\"_blank\" rel=\"noopener\"><img decoding=\"async\" class=\"wp-image-2489 alignnone\" src=\"https:\/\/nousespais.es\/wp-content\/uploads\/2022\/05\/icono-pdf.svg\" alt=\"\" width=\"14\" height=\"19\" \/><\/a><a href=\"https:\/\/nousespais.es\/wp-content\/uploads\/2022\/05\/a3-servicios-de-la-entidad.pdf\" target=\"_blank\" rel=\"noopener\"> Serveis de I&#8217;entitat<\/a><\/p><\/div>\n\t\t\t\t<\/div>\n\t\t\t\t\t\t\t<div class=\"elementor-accordion-item\">\n\t\t\t\t\t<div id=\"elementor-tab-title-1544\" class=\"elementor-tab-title\" data-tab=\"4\" role=\"button\" aria-controls=\"elementor-tab-content-1544\" aria-expanded=\"false\">\n\t\t\t\t\t\t\t\t\t\t\t\t\t<span class=\"elementor-accordion-icon elementor-accordion-icon-left\" aria-hidden=\"true\">\n\t\t\t\t\t\t\t\t\t\t\t\t\t\t\t<span class=\"elementor-accordion-icon-closed\"><i class=\"fas fa-chevron-down\"><\/i><\/span>\n\t\t\t\t\t\t\t\t<span class=\"elementor-accordion-icon-opened\"><i class=\"fas fa-chevron-up\"><\/i><\/span>\n\t\t\t\t\t\t\t\t\t\t\t\t\t\t<\/span>\n\t\t\t\t\t\t\t\t\t\t\t\t<a class=\"elementor-accordion-title\" tabindex=\"0\">A.4. Estructura organitzativa i organigrama<\/a>\n\t\t\t\t\t<\/div>\n\t\t\t\t\t<div id=\"elementor-tab-content-1544\" class=\"elementor-tab-content elementor-clearfix\" data-tab=\"4\" role=\"region\" aria-labelledby=\"elementor-tab-title-1544\"><h6 class=\"list-title\">Junta General<\/h6><ul><li><img decoding=\"async\" class=\"alignnone wp-image-3250\" src=\"https:\/\/nousespais.es\/wp-content\/uploads\/2022\/05\/link-300x300.png\" alt=\"\" width=\"18\" height=\"18\" \/> <a title=\"Composici\u00f3 de la Junta General\" href=\"https:\/\/nousespais.es\/va\/junta-general\/\" rel=\"noopener\">Composici\u00f3 de la Junta General<\/a><\/li><li><img decoding=\"async\" class=\"alignnone wp-image-3250\" src=\"https:\/\/nousespais.es\/wp-content\/uploads\/2022\/05\/link-300x300.png\" alt=\"\" width=\"18\" height=\"18\" \/> <a href=\"https:\/\/torrent.es\/organizacion-municipal\/areas-de-gobierno\/\" target=\"_blank\" rel=\"noopener\">Perfil i Trajectoria deis membres de la Junta General<\/a><\/li><\/ul><h6 class=\"list-title\">Consell d&#8217;Aministraci\u00f3<\/h6><ul><li><a href=\"https:\/\/nousespais.es\/wp-content\/uploads\/2022\/05\/a1-descripcio-general-de-lempresa-val.pdf\" target=\"_blank\" rel=\"noopener\"><img decoding=\"async\" class=\"wp-image-2489 alignnone\" src=\"https:\/\/nousespais.es\/wp-content\/uploads\/2022\/05\/icono-pdf.svg\" alt=\"\" width=\"14\" height=\"19\" \/><\/a> <a href=\"https:\/\/nousespais.es\/wp-content\/uploads\/2022\/05\/a4-regim-de-sessions-2019.pdf\" target=\"_blank\" rel=\"noopener\">R\u00e8gim de sessions<\/a><\/li><li><img decoding=\"async\" class=\"alignnone wp-image-3250\" src=\"https:\/\/nousespais.es\/wp-content\/uploads\/2022\/05\/link-300x300.png\" alt=\"\" width=\"18\" height=\"18\" \/> <a href=\"https:\/\/nousespais.es\/va\/consell-dadministracio\/\">Composici\u00f3 del Consell d\u00b4Administraci\u00f3<\/a><\/li><li><a href=\"https:\/\/nousespais.es\/wp-content\/uploads\/2022\/05\/a1-descripcio-general-de-lempresa-val.pdf\" target=\"_blank\" rel=\"noopener\"><img decoding=\"async\" class=\"wp-image-2489 alignnone\" src=\"https:\/\/nousespais.es\/wp-content\/uploads\/2022\/05\/icono-pdf.svg\" alt=\"\" width=\"14\" height=\"19\" \/><\/a> Perfil i traject\u00f2ria professional dels administrados<\/li><li><a href=\"https:\/\/nousespais.es\/wp-content\/uploads\/2022\/05\/a1-descripcio-general-de-lempresa-val.pdf\" target=\"_blank\" rel=\"noopener\"><img decoding=\"async\" class=\"wp-image-2489 alignnone\" src=\"https:\/\/nousespais.es\/wp-content\/uploads\/2022\/05\/icono-pdf.svg\" alt=\"\" width=\"14\" height=\"19\" \/><\/a> <a href=\"https:\/\/nousespais.es\/wp-content\/uploads\/2023\/11\/A4-Cons.-Admon-retribucions-valen.pdf\" target=\"_blank\" rel=\"noopener\">Retribucions<\/a><\/li><li><a href=\"https:\/\/nousespais.es\/wp-content\/uploads\/2022\/05\/a1-descripcio-general-de-lempresa-val.pdf\" target=\"_blank\" rel=\"noopener\"><img decoding=\"async\" class=\"wp-image-2489 alignnone\" src=\"https:\/\/nousespais.es\/wp-content\/uploads\/2022\/05\/icono-pdf.svg\" alt=\"\" width=\"14\" height=\"19\" \/><\/a> <a href=\"https:\/\/nousespais.es\/wp-content\/uploads\/2024\/10\/A4-Dietas-Consell-valen.pdf\" target=\"_blank\" rel=\"noopener\">Dietes<\/a><\/li><\/ul><p><a href=\"https:\/\/nousespais.es\/wp-content\/uploads\/2022\/05\/a1-descripcio-general-de-lempresa-val.pdf\" target=\"_blank\" rel=\"noopener\"><img decoding=\"async\" class=\"wp-image-2489 alignnone\" src=\"https:\/\/nousespais.es\/wp-content\/uploads\/2022\/05\/icono-pdf.svg\" alt=\"\" width=\"14\" height=\"19\" \/><\/a><a href=\"https:\/\/nousespais.es\/wp-content\/uploads\/2022\/09\/A4-gerent-i-retribucions-valen.pdf\" target=\"_blank\" rel=\"noopener\"> Gerent i retribucions<\/a><\/p><p><a href=\"https:\/\/nousespais.es\/wp-content\/uploads\/2022\/05\/a1-descripcio-general-de-lempresa-val.pdf\" target=\"_blank\" rel=\"noopener\"><img decoding=\"async\" class=\"wp-image-2489 alignnone\" src=\"https:\/\/nousespais.es\/wp-content\/uploads\/2022\/05\/icono-pdf.svg\" alt=\"\" width=\"14\" height=\"19\" \/><\/a><a href=\"https:\/\/nousespais.es\/wp-content\/uploads\/2023\/06\/A4-ORGANIGRAMA-SERVICIS.pdf\" target=\"_blank\" rel=\"noopener\"> Organigrama funcional<\/a><\/p><p><a href=\"https:\/\/nousespais.es\/wp-content\/uploads\/2022\/05\/a1-descripcio-general-de-lempresa-val.pdf\" target=\"_blank\" rel=\"noopener\"><img decoding=\"async\" class=\"wp-image-2489 alignnone\" src=\"https:\/\/nousespais.es\/wp-content\/uploads\/2022\/05\/icono-pdf.svg\" alt=\"\" width=\"14\" height=\"19\" \/><\/a><a href=\"http:\/\/nousespais.es\/wp-content\/uploads\/2025\/05\/A4-organigrama-plantilla-130525_f.pdf\" target=\"_blank\" rel=\"noopener\"> Organigrama Plantilla<\/a><\/p><\/div>\n\t\t\t\t<\/div>\n\t\t\t\t\t\t\t<div class=\"elementor-accordion-item\">\n\t\t\t\t\t<div id=\"elementor-tab-title-1545\" class=\"elementor-tab-title\" data-tab=\"5\" role=\"button\" aria-controls=\"elementor-tab-content-1545\" aria-expanded=\"false\">\n\t\t\t\t\t\t\t\t\t\t\t\t\t<span class=\"elementor-accordion-icon elementor-accordion-icon-left\" aria-hidden=\"true\">\n\t\t\t\t\t\t\t\t\t\t\t\t\t\t\t<span class=\"elementor-accordion-icon-closed\"><i class=\"fas fa-chevron-down\"><\/i><\/span>\n\t\t\t\t\t\t\t\t<span class=\"elementor-accordion-icon-opened\"><i class=\"fas fa-chevron-up\"><\/i><\/span>\n\t\t\t\t\t\t\t\t\t\t\t\t\t\t<\/span>\n\t\t\t\t\t\t\t\t\t\t\t\t<a class=\"elementor-accordion-title\" tabindex=\"0\">A.5. Oficines i registre d'entrada<\/a>\n\t\t\t\t\t<\/div>\n\t\t\t\t\t<div id=\"elementor-tab-content-1545\" class=\"elementor-tab-content elementor-clearfix\" data-tab=\"5\" role=\"region\" aria-labelledby=\"elementor-tab-title-1545\"><p><a href=\"https:\/\/nousespais.es\/wp-content\/uploads\/2022\/05\/a1-descripcio-general-de-lempresa-val.pdf\" target=\"_blank\" rel=\"noopener\"><img decoding=\"async\" class=\"wp-image-2489 alignnone\" src=\"https:\/\/nousespais.es\/wp-content\/uploads\/2022\/05\/icono-pdf.svg\" alt=\"\" width=\"14\" height=\"19\" \/><\/a> <a href=\"https:\/\/nousespais.es\/wp-content\/uploads\/2022\/05\/a5-oficinas-y-registro-de-entrada-1-1.pdf\" target=\"_blank\" rel=\"noopener\">A.5. Oficines i registre d&#8217;entrada<\/a><\/p><\/div>\n\t\t\t\t<\/div>\n\t\t\t\t\t\t\t<div class=\"elementor-accordion-item\">\n\t\t\t\t\t<div id=\"elementor-tab-title-1546\" class=\"elementor-tab-title\" data-tab=\"6\" role=\"button\" aria-controls=\"elementor-tab-content-1546\" aria-expanded=\"false\">\n\t\t\t\t\t\t\t\t\t\t\t\t\t<span class=\"elementor-accordion-icon elementor-accordion-icon-left\" aria-hidden=\"true\">\n\t\t\t\t\t\t\t\t\t\t\t\t\t\t\t<span class=\"elementor-accordion-icon-closed\"><i class=\"fas fa-chevron-down\"><\/i><\/span>\n\t\t\t\t\t\t\t\t<span class=\"elementor-accordion-icon-opened\"><i class=\"fas fa-chevron-up\"><\/i><\/span>\n\t\t\t\t\t\t\t\t\t\t\t\t\t\t<\/span>\n\t\t\t\t\t\t\t\t\t\t\t\t<a class=\"elementor-accordion-title\" tabindex=\"0\">A.6. Personal i processos selectius<\/a>\n\t\t\t\t\t<\/div>\n\t\t\t\t\t<div id=\"elementor-tab-content-1546\" class=\"elementor-tab-content elementor-clearfix\" data-tab=\"6\" role=\"region\" aria-labelledby=\"elementor-tab-title-1546\"><p><a href=\"https:\/\/nousespais.es\/wp-content\/uploads\/2022\/05\/a1-descripcio-general-de-lempresa-val.pdf\" target=\"_blank\" rel=\"noopener\"><img decoding=\"async\" class=\"wp-image-2489 alignnone\" src=\"https:\/\/nousespais.es\/wp-content\/uploads\/2022\/05\/icono-pdf.svg\" alt=\"\" width=\"14\" height=\"19\" \/><\/a> <a title=\"A.6. Personal i processos selectius\" href=\"https:\/\/nousespais.es\/wp-content\/uploads\/2022\/05\/a6-personal-y-procesos-selectivos.pdf\" target=\"_blank\" rel=\"noopener\">A.6. Personal i processos selectius<\/a><\/p><\/div>\n\t\t\t\t<\/div>\n\t\t\t\t\t\t\t<div class=\"elementor-accordion-item\">\n\t\t\t\t\t<div id=\"elementor-tab-title-1547\" class=\"elementor-tab-title\" data-tab=\"7\" role=\"button\" aria-controls=\"elementor-tab-content-1547\" aria-expanded=\"false\">\n\t\t\t\t\t\t\t\t\t\t\t\t\t<span class=\"elementor-accordion-icon elementor-accordion-icon-left\" aria-hidden=\"true\">\n\t\t\t\t\t\t\t\t\t\t\t\t\t\t\t<span class=\"elementor-accordion-icon-closed\"><i class=\"fas fa-chevron-down\"><\/i><\/span>\n\t\t\t\t\t\t\t\t<span class=\"elementor-accordion-icon-opened\"><i class=\"fas fa-chevron-up\"><\/i><\/span>\n\t\t\t\t\t\t\t\t\t\t\t\t\t\t<\/span>\n\t\t\t\t\t\t\t\t\t\t\t\t<a class=\"elementor-accordion-title\" tabindex=\"0\">A.7. Relaci\u00f3 de llocs de treball<\/a>\n\t\t\t\t\t<\/div>\n\t\t\t\t\t<div id=\"elementor-tab-content-1547\" class=\"elementor-tab-content elementor-clearfix\" data-tab=\"7\" role=\"region\" aria-labelledby=\"elementor-tab-title-1547\"><p><a href=\"https:\/\/nousespais.es\/wp-content\/uploads\/2022\/05\/a1-descripcio-general-de-lempresa-val.pdf\" target=\"_blank\" rel=\"noopener\"><img decoding=\"async\" class=\"wp-image-2489 alignnone\" src=\"https:\/\/nousespais.es\/wp-content\/uploads\/2022\/05\/icono-pdf.svg\" alt=\"\" width=\"14\" height=\"19\" \/><\/a> <a title=\"A.7. Relaci\u00f3 de llocs de treball\" href=\"https:\/\/nousespais.es\/wp-content\/uploads\/2023\/11\/A7-Relacion-Puestos-Trabajo-Noviembre-23.pdf\" target=\"_blank\" rel=\"noopener\">A.7. Relaci\u00f3 de llocs de treball<\/a><\/p><\/div>\n\t\t\t\t<\/div>\n\t\t\t\t\t\t\t<div class=\"elementor-accordion-item\">\n\t\t\t\t\t<div id=\"elementor-tab-title-1548\" class=\"elementor-tab-title\" data-tab=\"8\" role=\"button\" aria-controls=\"elementor-tab-content-1548\" aria-expanded=\"false\">\n\t\t\t\t\t\t\t\t\t\t\t\t\t<span class=\"elementor-accordion-icon elementor-accordion-icon-left\" aria-hidden=\"true\">\n\t\t\t\t\t\t\t\t\t\t\t\t\t\t\t<span class=\"elementor-accordion-icon-closed\"><i class=\"fas fa-chevron-down\"><\/i><\/span>\n\t\t\t\t\t\t\t\t<span class=\"elementor-accordion-icon-opened\"><i class=\"fas fa-chevron-up\"><\/i><\/span>\n\t\t\t\t\t\t\t\t\t\t\t\t\t\t<\/span>\n\t\t\t\t\t\t\t\t\t\t\t\t<a class=\"elementor-accordion-title\" tabindex=\"0\">A.8. Pla d'Igualtat<\/a>\n\t\t\t\t\t<\/div>\n\t\t\t\t\t<div id=\"elementor-tab-content-1548\" class=\"elementor-tab-content elementor-clearfix\" data-tab=\"8\" role=\"region\" aria-labelledby=\"elementor-tab-title-1548\"><p><a href=\"https:\/\/nousespais.es\/wp-content\/uploads\/2022\/05\/a1-descripcio-general-de-lempresa-val.pdf\" target=\"_blank\" rel=\"noopener\"><img decoding=\"async\" class=\"wp-image-2489 alignnone\" src=\"https:\/\/nousespais.es\/wp-content\/uploads\/2022\/05\/icono-pdf.svg\" alt=\"\" width=\"14\" height=\"19\" \/><\/a> <a title=\"A.7. Relaci\u00f3 de llocs de treball\" href=\"https:\/\/nousespais.es\/wp-content\/uploads\/2022\/10\/PI-2022-26.pdf\" target=\"_blank\" rel=\"noopener\">Pla d&#8217;Igualtat empresa 2022-2026<\/a><\/p><p><a href=\"https:\/\/nousespais.es\/wp-content\/uploads\/2022\/05\/a1-descripcio-general-de-lempresa-val.pdf\" target=\"_blank\" rel=\"noopener\"><img decoding=\"async\" class=\"wp-image-2489 alignnone\" src=\"https:\/\/nousespais.es\/wp-content\/uploads\/2022\/05\/icono-pdf.svg\" alt=\"\" width=\"14\" height=\"19\" \/><\/a> <a title=\"A.7. Relaci\u00f3 de llocs de treball\" href=\"https:\/\/nousespais.es\/wp-content\/uploads\/2022\/10\/Protocolo-Acoso-PI-22-26.pdf\" target=\"_blank\" rel=\"noopener\">Protocol d&#8217;assetjament Pla d&#8217;Igualtat empresa 2022-2026<\/a><\/p><\/div>\n\t\t\t\t<\/div>\n\t\t\t\t\t\t\t\t<\/div>\n\t\t\t\t\t\t<\/div>\n\t\t\t\t<\/div>\n\t\t\t\t\t<\/div>\n\t\t<\/div>\n\t\t\t\t<div class=\"elementor-column elementor-col-50 elementor-inner-column elementor-element elementor-element-456a4e09\" data-id=\"456a4e09\" data-element_type=\"column\">\n\t\t\t<div class=\"elementor-widget-wrap\">\n\t\t\t\t\t\t\t<\/div>\n\t\t<\/div>\n\t\t\t\t\t<\/div>\n\t\t<\/section>\n\t\t\t\t\t<\/div>\n\t\t<\/div>\n\t\t\t\t\t<\/div>\n\t\t<\/section>\n\t\t\t\t<\/div>\n\t\t","protected":false},"excerpt":{"rendered":"<p>A. Informaci\u00f3 institucional, organitzativa, planificaci\u00f3 i personal A.1. Descripci\u00f3 general de l&#8217;empresa Breu descripci\u00f3 de l&#8217;empresa \u00a0 Acord Junta Govern Local Ajuntament Torrent 25\/06\/2018 \u00a0 Acord Ple Ajuntament Torrent 04\/03\/2021 A.2 Estatuts actualitzats empresa A.2 Estatuts actualitzats empresa A.3. Funcions de l&#8217;entitat segons els seus estatuts Objecte social Serveis de I&#8217;entitat A.4. Estructura organitzativa i [&hellip;]<\/p>\n","protected":false},"author":1,"featured_media":0,"parent":0,"menu_order":0,"comment_status":"closed","ping_status":"closed","template":"elementor_header_footer","meta":{"_acf_changed":false,"footnotes":""},"class_list":["post-3646","page","type-page","status-publish","hentry"],"acf":[],"_links":{"self":[{"href":"https:\/\/nousespais.es\/va\/wp-json\/wp\/v2\/pages\/3646","targetHints":{"allow":["GET"]}}],"collection":[{"href":"https:\/\/nousespais.es\/va\/wp-json\/wp\/v2\/pages"}],"about":[{"href":"https:\/\/nousespais.es\/va\/wp-json\/wp\/v2\/types\/page"}],"author":[{"embeddable":true,"href":"https:\/\/nousespais.es\/va\/wp-json\/wp\/v2\/users\/1"}],"replies":[{"embeddable":true,"href":"https:\/\/nousespais.es\/va\/wp-json\/wp\/v2\/comments?post=3646"}],"version-history":[{"count":67,"href":"https:\/\/nousespais.es\/va\/wp-json\/wp\/v2\/pages\/3646\/revisions"}],"predecessor-version":[{"id":121505,"href":"https:\/\/nousespais.es\/va\/wp-json\/wp\/v2\/pages\/3646\/revisions\/121505"}],"wp:attachment":[{"href":"https:\/\/nousespais.es\/va\/wp-json\/wp\/v2\/media?parent=3646"}],"curies":[{"name":"wp","href":"https:\/\/api.w.org\/{rel}","templated":true}]}}